{"id":1336,"date":"2019-09-03T13:29:08","date_gmt":"2019-09-03T11:29:08","guid":{"rendered":"https:\/\/www.wggselb.de\/wp\/?page_id=1336"},"modified":"2019-09-05T13:00:56","modified_gmt":"2019-09-05T11:00:56","slug":"umbau-mintlabor-und-smv","status":"publish","type":"page","link":"https:\/\/www.wggselb.de\/wp\/unsere-schule\/umbau-mintlabor-und-smv\/","title":{"rendered":"Umbau MINT-Labor und SMV"},"content":{"rendered":"\n<p>Kaum ist die\nTurnhalle fertig, wird im Haupthaus weiter gebaut:<\/p>\n\n\n\n<p>Wer in den Sommerferien 2019 im WGG unterwegs war, musste \u00fcber Kabel steigen, auf L\u00f6cher achten, und an manchen Tagen dr\u00f6hnte Bohrl\u00e4rm durchs Haus. Im Keller bekommen wir im Herbst dank der gro\u00dfz\u00fcgigen Unterst\u00fctzung der Firma RAPA ein neues MINT-Labor. Damit k\u00f6nnen kleine Sch\u00fclergruppen vertieft experimentieren und arbeiten. Zudem bieten sich auch in der Zusammenarbeit mit dem Gymnasium A\u0161 neue M\u00f6glichkeiten. Im Zuge des Umbaus zieht der Astroraum ebenfalls zwei Stockwerke nach unten, so dass sich auch f\u00fcr die Astronomie am WGG die Arbeitsbedingungen zum Positiven hin ver\u00e4ndern und wir im zweiten Stock einen Raum zur zus\u00e4tzlichen Individualisierung gewinnen.<\/p>\n\n\n\n<p>Um die SMV st\u00e4rker ins Geschehen einzubinden und gleichzeitig der Beratung ein ruhigeres Ambiente zu erm\u00f6glichen, haben beide Institutionen R\u00e4ume getauscht: Die SMV wird man in Zukunft (voraussichtlich ebenfalls ab Herbst; das genaue Datum geben wir noch bekannt) im Atrium finden und die Beratungslehrkraft, OStRin B. Lohse, sowie unser Schulpsychologe, StR A. Zeh, beziehen die ehemaligen R\u00e4ume der Sch\u00fclermitverantwortung.<\/p>\n\n\n\t\n    \n        <style>\n\t    #lbsp_1359 .lbsp_home_portfolio_caption h3,.lb-data .lb-caption\n\t    {\n\t    \tfont-family:sans; \/\/ real name pass here\n\t    }\n\t    #lbsp_1359 .lbsp_home_portfolio_caption h3,.lb-data .lb-caption{\n\t        font-family:sans; \/\/ real name pass here\n\t    }\n\n\t    #lbsp_1359 .b-link-fade .b-wrapper,#lbsp_1359 .b-link-fade .b-top-line{\n\t        background: rgba(29, 112, 183, 0.5);\n\t    }\n\t    #lbsp_1359 .b-link-flow .b-wrapper,#lbsp_1359 .b-link-flow .b-top-line{\n\t        background: rgba(29, 112, 183, 0.5);\n\t    }\n\t    #lbsp_1359 .b-link-stroke .b-top-line{\n\t        background: rgba(29, 112, 183, 0.5);\n\t    }\n\t    #lbsp_1359 .b-link-stroke .b-bottom-line{\n\t        background: rgba(29, 112, 183, 0.5);\n\t    }\n\n\t    #lbsp_1359 .b-link-box .b-top-line{\n\n\t        border: 16px solid rgba(29, 112, 183, 0.5);\n\t    }\n\t    #lbsp_1359 .b-link-box .b-bottom-line{\n\t        background: rgba(29, 112, 183, 0.5);\n\t    }\n\t    #lbsp_1359 .b-link-stripe .b-line{\n\t        background: rgba(29, 112, 183, 0.5);\n\t    }\n\t    #lbsp_1359 .b-link-apart-horisontal .b-top-line,#lbsp_1359 .b-link-apart-horisontal .b-top-line-up{\n\t        background: rgba(29, 112, 183, 0.5);\n\n\t    }\n\t    #lbsp_1359 .b-link-apart-horisontal .b-bottom-line,#lbsp_1359 .b-link-apart-horisontal .b-bottom-line-up{\n\t        background: rgba(29, 112, 183, 0.5);\n\t    }\n\t    #lbsp_1359 .b-link-apart-vertical .b-top-line,#lbsp_1359 .b-link-apart-vertical .b-top-line-up{\n\t        background: rgba(29, 112, 183, 0.5);\n\t    }\n\t    #lbsp_1359 .b-link-apart-vertical .b-bottom-line,#lbsp_1359 .b-link-apart-vertical .b-bottom-line-up{\n\t        background: rgba(29, 112, 183, 0.5);\n\t    }\n\t    #lbsp_1359 .b-link-diagonal .b-line{\n\t        background: rgba(29, 112, 183, 0.5);\n\t    }\n\n\t    #lbsp_1359 .b-wrapper{\n\t        font-family:sans; \/\/ real name pass here\n\t    }\n\t    #lbsp_1359 .b-wrapper{\n\t        font-family:sans; \/\/ real name pass here\n\t    }\n\t\t@media (min-width: 992px){\n\t\t\t#lbsp_1359 .col-md-6 {\n\t\t\t\twidth: 49.97% !important;\n\t\t\t}\n\t\t\t#lbsp_1359 .col-md-4 {\n\t\t\t\twidth: 33.30% !important;\n\t\t\t}\n\t\t\t#lbsp_1359 .col-md-3 {\n\t\t\t\twidth: 24.90% !important;\n\t\t\t}\n\t\t\t#lbsp_1359 .col-md-2 {\n\t\t\t\twidth: 16.60% !important;\n\t\t\t}\n\t\t}\n\t\t#lbsp_1359 .lbsp_home_portfolio_caption{\n\t\t\tbackground:#FFFFFF;\n\t\t}\n\t\t#lbsp_1359 .lbsp_home_portfolio_caption h3{\n\t\t\tcolor:#000000;\n\t\t}\n\t\t\t\t#lbsp_1359 i.fas.fa-camera {\n\t\t\tcolor:#FFFFFF!important;\n\t\t}\n\t\t\t\t#lbsp_1359 .img-box-shadow{\n\t\t\tbox-shadow: 0 0 6px rgba(0,0,0,.7);\n\t\t}\n\t\t\t\t.fnf{\n\t\t\tbackground-color: #ff000091;\n\t\t\tborder-radius: 5px;\n\t\t\tcolor: #fff;\n\t\t\tfont-family: initial;\n\t\t\ttext-align: center;\n\t\t\tpadding:4px;\n\t\t}\n\t\t    <\/style>\n\n    \n    <div  class=\"gal-container \" id=\"lbsp_1359\">\n\t\t\t\t\t<!--get the post id-->\n\t\t\t\t\t\t\t\t\t<div style=\"display:block;float:left\">\n\t\t\t\n\t\t\t\t<!--Gallery Title-->\n\t\t\t\t\t\t\t\t\n\t\t\t\t<div class=\"\">\n\t\t\t\t\t\t\t\t\t\t\t\t<div class=\"col-md-4 col-sm-6 wl-gallery\" >\n\t\t\t\t\t\t\t\t<div class=\"img-box-shadow\">\n\t\t\t\t\t\t\t\t\t\t\t\t\t\t\t\t\t\t\t<a title=\"27. Mai 2019: das ehemalige SMV-Zimmer\" class=\"fancybox_1359\" data-fancybox-group=\"gallery\"  href=\"https:\/\/www.wggselb.de\/wp\/wp-content\/uploads\/2019\/09\/2019-05-27-ehem-smv.jpg\" style=\"color:#FFFFFF;\">\n\t\t\t\t\t\t\t\t\t\t\t\t<img decoding=\"async\" src=\"https:\/\/www.wggselb.de\/wp\/wp-content\/uploads\/2019\/09\/2019-05-27-ehem-smv-400x400.jpg\" class=\"gall-img-responsive\" style=\"display:none !important; visibility:hidden\" alt=\"27. Mai 2019: das ehemalige SMV-Zimmer\">\n\t\t\t\t\t\t\t\t\t\t\t\t<div class=\"b-link-apart-horisontal b-animate-go\">\n\t\t\t\t\t\t\t\t\t\t\t\t\t<img decoding=\"async\" src=\"https:\/\/www.wggselb.de\/wp\/wp-content\/uploads\/2019\/09\/2019-05-27-ehem-smv-400x400.jpg\" class=\"gall-img-responsive\" alt=\"27. Mai 2019: das ehemalige SMV-Zimmer\">\n\t\t\t\t\t\t\t\t\t\t\t\t<\/div>\n\t\t\t\t\t\t\t\t\t\t\t<\/a>\n\t\t\t\t\t\t\t\t\t\t\t\t\t\t\t\t\t\t\t\t\n\t\t\t\t\t\t\t\t\t\t\t\t\t\t\t\t\t\t<!--Gallery Label-->\n\t\t\t\t\t\t\t\t\t\t\t\t\t\t\t\t\t<\/div>\n\t\t\t\t\t\t\t<\/div>\n\t\t\t\t\t\t\t\t\t\t\t\t\t\t<div class=\"col-md-4 col-sm-6 wl-gallery\" >\n\t\t\t\t\t\t\t\t<div class=\"img-box-shadow\">\n\t\t\t\t\t\t\t\t\t\t\t\t\t\t\t\t\t\t\t<a title=\"8. Juli 2019: das neue Chemielabor\" class=\"fancybox_1359\" data-fancybox-group=\"gallery\"  href=\"https:\/\/www.wggselb.de\/wp\/wp-content\/uploads\/2019\/09\/2019-07-08-chemielabor1.jpg\" style=\"color:#FFFFFF;\">\n\t\t\t\t\t\t\t\t\t\t\t\t<img decoding=\"async\" src=\"https:\/\/www.wggselb.de\/wp\/wp-content\/uploads\/2019\/09\/2019-07-08-chemielabor1-400x400.jpg\" class=\"gall-img-responsive\" style=\"display:none !important; visibility:hidden\" alt=\"8. Juli 2019: das neue Chemielabor\">\n\t\t\t\t\t\t\t\t\t\t\t\t<div class=\"b-link-apart-horisontal b-animate-go\">\n\t\t\t\t\t\t\t\t\t\t\t\t\t<img decoding=\"async\" src=\"https:\/\/www.wggselb.de\/wp\/wp-content\/uploads\/2019\/09\/2019-07-08-chemielabor1-400x400.jpg\" class=\"gall-img-responsive\" alt=\"8. Juli 2019: das neue Chemielabor\">\n\t\t\t\t\t\t\t\t\t\t\t\t<\/div>\n\t\t\t\t\t\t\t\t\t\t\t<\/a>\n\t\t\t\t\t\t\t\t\t\t\t\t\t\t\t\t\t\t\t\t\n\t\t\t\t\t\t\t\t\t\t\t\t\t\t\t\t\t\t<!--Gallery Label-->\n\t\t\t\t\t\t\t\t\t\t\t\t\t\t\t\t\t<\/div>\n\t\t\t\t\t\t\t<\/div>\n\t\t\t\t\t\t\t\t\t\t\t\t\t\t<div class=\"col-md-4 col-sm-6 wl-gallery\" >\n\t\t\t\t\t\t\t\t<div class=\"img-box-shadow\">\n\t\t\t\t\t\t\t\t\t\t\t\t\t\t\t\t\t\t\t<a title=\"8. Juli 2019: das neue Chemielabor\" class=\"fancybox_1359\" data-fancybox-group=\"gallery\"  href=\"https:\/\/www.wggselb.de\/wp\/wp-content\/uploads\/2019\/09\/2019-07-08-chemielabor2.jpg\" style=\"color:#FFFFFF;\">\n\t\t\t\t\t\t\t\t\t\t\t\t<img decoding=\"async\" src=\"https:\/\/www.wggselb.de\/wp\/wp-content\/uploads\/2019\/09\/2019-07-08-chemielabor2-400x400.jpg\" class=\"gall-img-responsive\" style=\"display:none !important; visibility:hidden\" alt=\"8. Juli 2019: das neue Chemielabor\">\n\t\t\t\t\t\t\t\t\t\t\t\t<div class=\"b-link-apart-horisontal b-animate-go\">\n\t\t\t\t\t\t\t\t\t\t\t\t\t<img decoding=\"async\" src=\"https:\/\/www.wggselb.de\/wp\/wp-content\/uploads\/2019\/09\/2019-07-08-chemielabor2-400x400.jpg\" class=\"gall-img-responsive\" alt=\"8. Juli 2019: das neue Chemielabor\">\n\t\t\t\t\t\t\t\t\t\t\t\t<\/div>\n\t\t\t\t\t\t\t\t\t\t\t<\/a>\n\t\t\t\t\t\t\t\t\t\t\t\t\t\t\t\t\t\t\t\t\n\t\t\t\t\t\t\t\t\t\t\t\t\t\t\t\t\t\t<!--Gallery Label-->\n\t\t\t\t\t\t\t\t\t\t\t\t\t\t\t\t\t<\/div>\n\t\t\t\t\t\t\t<\/div>\n\t\t\t\t\t\t\t\t\t\t\t\t\t\t<div class=\"col-md-4 col-sm-6 wl-gallery\" >\n\t\t\t\t\t\t\t\t<div class=\"img-box-shadow\">\n\t\t\t\t\t\t\t\t\t\t\t\t\t\t\t\t\t\t\t<a title=\"8. Juli 2019: der neue Astroraum\" class=\"fancybox_1359\" data-fancybox-group=\"gallery\"  href=\"https:\/\/www.wggselb.de\/wp\/wp-content\/uploads\/2019\/09\/2019-07-08-astro1.jpg\" style=\"color:#FFFFFF;\">\n\t\t\t\t\t\t\t\t\t\t\t\t<img decoding=\"async\" src=\"https:\/\/www.wggselb.de\/wp\/wp-content\/uploads\/2019\/09\/2019-07-08-astro1-400x400.jpg\" class=\"gall-img-responsive\" style=\"display:none !important; visibility:hidden\" alt=\"8. Juli 2019: der neue Astroraum\">\n\t\t\t\t\t\t\t\t\t\t\t\t<div class=\"b-link-apart-horisontal b-animate-go\">\n\t\t\t\t\t\t\t\t\t\t\t\t\t<img decoding=\"async\" src=\"https:\/\/www.wggselb.de\/wp\/wp-content\/uploads\/2019\/09\/2019-07-08-astro1-400x400.jpg\" class=\"gall-img-responsive\" alt=\"8. Juli 2019: der neue Astroraum\">\n\t\t\t\t\t\t\t\t\t\t\t\t<\/div>\n\t\t\t\t\t\t\t\t\t\t\t<\/a>\n\t\t\t\t\t\t\t\t\t\t\t\t\t\t\t\t\t\t\t\t\n\t\t\t\t\t\t\t\t\t\t\t\t\t\t\t\t\t\t<!--Gallery Label-->\n\t\t\t\t\t\t\t\t\t\t\t\t\t\t\t\t\t<\/div>\n\t\t\t\t\t\t\t<\/div>\n\t\t\t\t\t\t\t\t\t\t\t\t\t\t<div class=\"col-md-4 col-sm-6 wl-gallery\" >\n\t\t\t\t\t\t\t\t<div class=\"img-box-shadow\">\n\t\t\t\t\t\t\t\t\t\t\t\t\t\t\t\t\t\t\t<a title=\"4. September 2019: der neue Astroraum\" class=\"fancybox_1359\" data-fancybox-group=\"gallery\"  href=\"https:\/\/www.wggselb.de\/wp\/wp-content\/uploads\/2019\/09\/2019-09-04-astro1.jpg\" style=\"color:#FFFFFF;\">\n\t\t\t\t\t\t\t\t\t\t\t\t<img decoding=\"async\" src=\"https:\/\/www.wggselb.de\/wp\/wp-content\/uploads\/2019\/09\/2019-09-04-astro1-400x400.jpg\" class=\"gall-img-responsive\" style=\"display:none !important; visibility:hidden\" alt=\"4. September 2019: der neue Astroraum\">\n\t\t\t\t\t\t\t\t\t\t\t\t<div class=\"b-link-apart-horisontal b-animate-go\">\n\t\t\t\t\t\t\t\t\t\t\t\t\t<img decoding=\"async\" src=\"https:\/\/www.wggselb.de\/wp\/wp-content\/uploads\/2019\/09\/2019-09-04-astro1-400x400.jpg\" class=\"gall-img-responsive\" alt=\"4. September 2019: der neue Astroraum\">\n\t\t\t\t\t\t\t\t\t\t\t\t<\/div>\n\t\t\t\t\t\t\t\t\t\t\t<\/a>\n\t\t\t\t\t\t\t\t\t\t\t\t\t\t\t\t\t\t\t\t\n\t\t\t\t\t\t\t\t\t\t\t\t\t\t\t\t\t\t<!--Gallery Label-->\n\t\t\t\t\t\t\t\t\t\t\t\t\t\t\t\t\t<\/div>\n\t\t\t\t\t\t\t<\/div>\n\t\t\t\t\t\t\t\t\t\t\t\t\t\t<div class=\"col-md-4 col-sm-6 wl-gallery\" >\n\t\t\t\t\t\t\t\t<div class=\"img-box-shadow\">\n\t\t\t\t\t\t\t\t\t\t\t\t\t\t\t\t\t\t\t<a title=\"4. September 2019: der neue Astroraum\" class=\"fancybox_1359\" data-fancybox-group=\"gallery\"  href=\"https:\/\/www.wggselb.de\/wp\/wp-content\/uploads\/2019\/09\/2019-09-04-astro2.jpg\" style=\"color:#FFFFFF;\">\n\t\t\t\t\t\t\t\t\t\t\t\t<img decoding=\"async\" src=\"https:\/\/www.wggselb.de\/wp\/wp-content\/uploads\/2019\/09\/2019-09-04-astro2-400x400.jpg\" class=\"gall-img-responsive\" style=\"display:none !important; visibility:hidden\" alt=\"4. September 2019: der neue Astroraum\">\n\t\t\t\t\t\t\t\t\t\t\t\t<div class=\"b-link-apart-horisontal b-animate-go\">\n\t\t\t\t\t\t\t\t\t\t\t\t\t<img decoding=\"async\" src=\"https:\/\/www.wggselb.de\/wp\/wp-content\/uploads\/2019\/09\/2019-09-04-astro2-400x400.jpg\" class=\"gall-img-responsive\" alt=\"4. September 2019: der neue Astroraum\">\n\t\t\t\t\t\t\t\t\t\t\t\t<\/div>\n\t\t\t\t\t\t\t\t\t\t\t<\/a>\n\t\t\t\t\t\t\t\t\t\t\t\t\t\t\t\t\t\t\t\t\n\t\t\t\t\t\t\t\t\t\t\t\t\t\t\t\t\t\t<!--Gallery Label-->\n\t\t\t\t\t\t\t\t\t\t\t\t\t\t\t\t\t<\/div>\n\t\t\t\t\t\t\t<\/div>\n\t\t\t\t\t\t\t\t\t\t\t<\/div>\n\t\t\t\t\t\t<\/div>\n\t\t\t\t\n\t\t    <\/div>\n\n\t<!-- Photo box-->\n    \t\n\t\n\t<!-- Swipe Box-->\n\t\t\n\t<!-- Magnific box-->\n\t\t\n\t\n\t<!-- Fancy box-->\n\t\t<script type=\"text\/javascript\">\n\tjQuery(document).ready(function() {\n\t\tjQuery('.fancybox_1359').fancybox();\n\t});\n\t<\/script>\n\t\t\t\n        \n","protected":false},"excerpt":{"rendered":"<p>Kaum ist die Turnhalle fertig, wird im Haupthaus weiter gebaut: Wer in den Sommerferien 2019 im WGG unterwegs war, musste \u00fcber Kabel steigen, auf L\u00f6cher &hellip; <\/p>\n","protected":false},"author":3,"featured_media":0,"parent":326,"menu_order":0,"comment_status":"closed","ping_status":"closed","template":"","meta":{"_mc_calendar":[],"footnotes":""},"tags":[],"class_list":["post-1336","page","type-page","status-publish","hentry"],"_links":{"self":[{"href":"https:\/\/www.wggselb.de\/wp\/wp-json\/wp\/v2\/pages\/1336","targetHints":{"allow":["GET"]}}],"collection":[{"href":"https:\/\/www.wggselb.de\/wp\/wp-json\/wp\/v2\/pages"}],"about":[{"href":"https:\/\/www.wggselb.de\/wp\/wp-json\/wp\/v2\/types\/page"}],"author":[{"embeddable":true,"href":"https:\/\/www.wggselb.de\/wp\/wp-json\/wp\/v2\/users\/3"}],"replies":[{"embeddable":true,"href":"https:\/\/www.wggselb.de\/wp\/wp-json\/wp\/v2\/comments?post=1336"}],"version-history":[{"count":4,"href":"https:\/\/www.wggselb.de\/wp\/wp-json\/wp\/v2\/pages\/1336\/revisions"}],"predecessor-version":[{"id":1374,"href":"https:\/\/www.wggselb.de\/wp\/wp-json\/wp\/v2\/pages\/1336\/revisions\/1374"}],"up":[{"embeddable":true,"href":"https:\/\/www.wggselb.de\/wp\/wp-json\/wp\/v2\/pages\/326"}],"wp:attachment":[{"href":"https:\/\/www.wggselb.de\/wp\/wp-json\/wp\/v2\/media?parent=1336"}],"wp:term":[{"taxonomy":"post_tag","embeddable":true,"href":"https:\/\/www.wggselb.de\/wp\/wp-json\/wp\/v2\/tags?post=1336"}],"curies":[{"name":"wp","href":"https:\/\/api.w.org\/{rel}","templated":true}]}}