{"id":4742,"date":"2023-07-27T20:20:44","date_gmt":"2023-07-27T18:20:44","guid":{"rendered":"https:\/\/www.wggselb.de\/wp\/?page_id=4742"},"modified":"2025-04-10T15:13:24","modified_gmt":"2025-04-10T13:13:24","slug":"digitale-schule-der-zukunft","status":"publish","type":"page","link":"https:\/\/www.wggselb.de\/wp\/unsere-schule\/digitale-schule-der-zukunft\/","title":{"rendered":"Digitale Schule der Zukunft"},"content":{"rendered":"\n<p>Das WGG nimmt am bayernweiten <a href=\"https:\/\/www.isb.bayern.de\/schuledigital\/projekte\/digitale-schule-der-zukunft\/\" target=\"_blank\" rel=\"noreferrer noopener\">Pilotversuch &#8222;Digitale Schule der Zukunft&#8220;<\/a> teil.<\/p>\n\n\n\n<ul class=\"wp-block-list\">\n<li>Schuljahr 2022\/23: 6. und 7. Jahrgangsstufe (<a href=\"https:\/\/www.wggselb.de\/wp\/wp-content\/uploads\/2023\/10\/2023-10-12-evaluation.pdf\">PDF-Datei &#8222;Ergebnisse der Evaluation&#8220;<\/a>)<\/li>\n\n\n\n<li>Schuljahr 2023\/24: 6., 7., 8. und 9. Jahrgangsstufe<\/li>\n\n\n\n<li>Schuljahr 2024\/25: 6., 7., 8., 9. und 10. Jahrgangsstufe<\/li>\n<\/ul>\n\n\n\n<p>Wenn Sie Fragen, W\u00fcnsche oder Anregungen haben, neben Sie bitte Kontakt mit unserem Medienteam (<a href=\"mailto:medienteam@wggselb.de\">medienteam@wggselb.de<\/a>) auf.<\/p>\n\n\n\n<div class=\"wp-block-columns has-2-columns is-layout-flex wp-container-core-columns-is-layout-9d6595d7 wp-block-columns-is-layout-flex\">\n<div class=\"wp-block-column is-layout-flow wp-block-column-is-layout-flow\">\n<div class=\"wp-block-button\"><a class=\"wp-block-button__link has-very-light-gray-color has-text-color has-background wp-element-button\" href=\"https:\/\/www.wggselb.de\/wp\/unsere-schule\/digitale-schule-der-zukunft\/faqs\/\" style=\"background-color:#1d70b7\">FAQs (H\u00e4ufig gestellte Fragen)<\/a><\/div>\n<\/div>\n\n\n\n<div class=\"wp-block-column is-layout-flow wp-block-column-is-layout-flow\">\n<div class=\"wp-block-button\"><a class=\"wp-block-button__link has-very-light-gray-color has-text-color has-background wp-element-button\" href=\"https:\/\/www.wggselb.de\/wp\/unsere-schule\/digitale-schule-der-zukunft\/informationen-aus-den-elternabenden\/\" style=\"background-color:#1d70b7\">Informationen aus den Elternabenden<\/a><\/div>\n<\/div>\n<\/div>\n\n\n\n<h4 class=\"wp-block-heading\">Aktuelle Berichte zum Pilotversuch:<\/h4>\n\n\n<ul class=\"lcp_catlist\" id=\"lcp_instance_0\"><li><a href=\"https:\/\/www.wggselb.de\/wp\/was-das-ipad-mit-einem-haustier-zu-tun-hat-modul-2-der-medienerziehung\/\">Was das iPad mit einem Haustier zu tun hat &#8211; Modul 2 der Medienerziehung<\/a>  16. November 2023<div class=\"lcp_excerpt\">\nSeit dem vergangenen Schuljahr nimmt das WGG am bayernweiten Pilotprojekt \u201eDigitale Schule der Zukunft\u201c teil; inzwischen wird das Tablet in den Klassen 7, 8 und 9 im Unterricht eingesetzt, ab dem zweiten Halbjahr 2024 dann auch in der 6. Jahrgangsstufe. Um alle Sch\u00fclerinnen und Sch\u00fcler medienp\u00e4dagogisch optimal auf den Umgang mit den digitalen Endger\u00e4ten vorzubereiten, ...<\/div><\/li><li><a href=\"https:\/\/www.wggselb.de\/wp\/wenn-der-musiksaal-zum-tonstudio-wird-unterricht-mit-dem-tablet\/\">Wenn der Musiksaal zum Tonstudio wird \u2013 Unterricht mit dem Tablet<\/a>  5. Juli 2023<div class=\"lcp_excerpt\">\nSeit Beginn des laufenden Schuljahres nimmt das WGG am bayernweiten Projekt Digitale Schule der Zukunft (DSDZ) teil. Zun\u00e4chst wurden die Klassenstufen 6 und 7 mit Tablets ausgestattet, ab Herbst folgen zwei weitere Jahrg\u00e4nge. Damit die Schulfamilie einen Einblick in die M\u00f6glichkeiten erh\u00e4lt, die digitale Ger\u00e4te im Unterricht bieten, werden in loser Folge hier Beispiele aus ...<\/div><\/li><li><a href=\"https:\/\/www.wggselb.de\/wp\/wenn-aus-teilnehmern-teilgeber-werden-ein-barcamp-mit-dem-leibniz-gymnasium-altdorf\/\">Wenn aus Teilnehmern Teilgeber werden \u2013 ein Barcamp mit dem Leibniz Gymnasium Altdorf<\/a>  28. Juni 2023<div class=\"lcp_excerpt\">\n\u201eViele Kilometer getrennt, aber trotzdem ganz nah\u201c \u2013 mit diesen Worten beschrieb OStDin Tabea-Stephanie Amtmann die tats\u00e4chliche bzw. gef\u00fchlte Entfernung zwischen dem WGG Selb und dem Leibniz-Gymnasium Altdorf in Mittelfranken und begr\u00fc\u00dfte die teilnehmenden Lehrkr\u00e4fte beider Schulen ganz herzlich. Im Rahmen des Pilotprojekts &#8222;Digitale Schule der Zukunft&#8220; (DSDZ) war zu einer besonderen Form der Konferenz ...<\/div><\/li><li><a href=\"https:\/\/www.wggselb.de\/wp\/digitale-schule-so-geht-es-im-kommenden-schuljahr-weiter\/\">Digitale Schule &#8211; so geht es im kommenden Schuljahr weiter<\/a>  16. Juni 2023<div class=\"lcp_excerpt\">\nSeit der\nGr\u00fcndung des Medienteams hat die Gruppe, die seit einigen Monaten von StRin\nAnke Saalfrank und OStRin Stefanie Spangler geleitet wird, &nbsp;viel bewegt, initiiert und angesto\u00dfen. Noch\nist das laufende Schuljahr in vollem Gange, doch der Blick richtet sich schon\nnach vorne. Wie wird es im neuen Schuljahr mit dem Pilotprojekt weitergehen?\nWichtig f\u00fcr k\u00fcnftige Weichenstellungen sind die Resultate ...<\/div><\/li><li><a href=\"https:\/\/www.wggselb.de\/wp\/die-kinder-auf-ihrem-weg-begleiten\/\">Die Kinder auf ihrem Weg begleiten<\/a>  1. Februar 2023<div class=\"lcp_excerpt\">\n\u201eEin m\u00e4chtiges Ger\u00e4t haben unsere Kinder in der Hand und Macht braucht Verantwortung\u201c, mit diesen Worten er\u00f6ffnet Martin Glinski vom Elternbeirat den zweiten Informationsabend im Rahmen des Pilotprojekts, an dem das WGG neben 11 anderen Gymnasien in Oberfranken teilnimmt. Wie k\u00f6nnen Eltern in dieser neuen Phase des Lebens ihren Kinder Unterst\u00fctzung zukommen lassen, so lautet ...<\/div><\/li><li><a href=\"https:\/\/www.wggselb.de\/wp\/gemeinsam-innovativ\/\">Gemeinsam innovativ<\/a>  18. Januar 2023<div class=\"lcp_excerpt\">\n\u201eSch\u00f6n, dass\nSie bei uns sind!\u201c \u2013 Mit diesen Worten begr\u00fc\u00dfte OStDin Tabea-Stephanie Amtmann am\nvergangenen Dienstagnachmittag das Expertenteam der MB-Dienststelle, das sich\naus den beiden Schulentwicklungsmoderatoren StR David Friedrich (Gymnasium\nM\u00fcnchberg), StD Markus Dummler (OHG Marktredwitz) und dem medienp\u00e4dagogischen\nBerater StD Roman Eberth zusammensetzt.\n\n\nIhren\nAufgabenbereich beschreibt Eberth so: \u201eWir besuchen die zw\u00f6lf Schulen, die in\nOberfranken seit Beginn des Schuljahres 2022\/23 ...<\/div><\/li><li><a href=\"https:\/\/www.wggselb.de\/wp\/ein-intensiver-austausch-der-informationsabend-zum-pilotprojekt-digitale-schule-der-zukunft\/\">Ein intensiver Austausch \u2013 der Informationsabend zum Pilotprojekt &#8222;Digitale Schule der Zukunft&#8220;<\/a>  30. September 2022<div class=\"lcp_excerpt\">\n\n\n\nGut gef\u00fcllt war das Atrium am vergangenen Donnerstagabend \u2013 der Einladung zum ersten Informationsabend f\u00fcr die 6. und 7. Klassen waren viele Eltern gefolgt. Eingangs berichtete die Schulleiterin OStDin Tabea-Stephanie Amtmann von der digitalen Auftaktveranstaltung, die das bayerische Kultusministerium Anfang der Woche f\u00fcr die teilnehmenden Schulen ausgerichtet hatte. Als klares Ziel habe sich herauskristallisiert, dass ...<\/div><\/li><li><a href=\"https:\/\/www.wggselb.de\/wp\/digitalisierung-als-potenzial-der-paedagogische-tag-am-wgg\/\">Digitalisierung als Potenzial &#8211; der P\u00e4dagogische Tag am WGG<\/a>  14. September 2022<div class=\"lcp_excerpt\">\nErfolgreich hatte sich das Walter-Gropius-Gymnasium f\u00fcr die Teilnahme am Pilotprojekt \u201eDigitale Schule der Zukunft\u201c, ausgeschrieben vom bayerischen Kultusministerium, beworben. Nun nimmt es &#8211; neben 11 anderen Gymnasien in Oberfranken \u2013 im Schuljahr 2022\/23 an dieser digitalen Bildungsoffensive teil.\n\n\nNat\u00fcrlich m\u00fcssen daf\u00fcr Rahmenbedingungen feststehen, um Klarheit und Transparenz f\u00fcr alle zu schaffen.\n\n\n\nVoraussichtlich nach den Herbstferien, wenn der ...<\/div><\/li><\/ul>\n","protected":false},"excerpt":{"rendered":"<p>Das WGG nimmt am bayernweiten Pilotversuch &#8222;Digitale Schule der Zukunft&#8220; teil. Wenn Sie Fragen, W\u00fcnsche oder Anregungen haben, neben Sie bitte Kontakt mit unserem Medienteam &hellip; <\/p>\n","protected":false},"author":3,"featured_media":0,"parent":326,"menu_order":0,"comment_status":"closed","ping_status":"closed","template":"","meta":{"_mc_calendar":[],"footnotes":""},"tags":[],"class_list":["post-4742","page","type-page","status-publish","hentry"],"_links":{"self":[{"href":"https:\/\/www.wggselb.de\/wp\/wp-json\/wp\/v2\/pages\/4742","targetHints":{"allow":["GET"]}}],"collection":[{"href":"https:\/\/www.wggselb.de\/wp\/wp-json\/wp\/v2\/pages"}],"about":[{"href":"https:\/\/www.wggselb.de\/wp\/wp-json\/wp\/v2\/types\/page"}],"author":[{"embeddable":true,"href":"https:\/\/www.wggselb.de\/wp\/wp-json\/wp\/v2\/users\/3"}],"replies":[{"embeddable":true,"href":"https:\/\/www.wggselb.de\/wp\/wp-json\/wp\/v2\/comments?post=4742"}],"version-history":[{"count":16,"href":"https:\/\/www.wggselb.de\/wp\/wp-json\/wp\/v2\/pages\/4742\/revisions"}],"predecessor-version":[{"id":6239,"href":"https:\/\/www.wggselb.de\/wp\/wp-json\/wp\/v2\/pages\/4742\/revisions\/6239"}],"up":[{"embeddable":true,"href":"https:\/\/www.wggselb.de\/wp\/wp-json\/wp\/v2\/pages\/326"}],"wp:attachment":[{"href":"https:\/\/www.wggselb.de\/wp\/wp-json\/wp\/v2\/media?parent=4742"}],"wp:term":[{"taxonomy":"post_tag","embeddable":true,"href":"https:\/\/www.wggselb.de\/wp\/wp-json\/wp\/v2\/tags?post=4742"}],"curies":[{"name":"wp","href":"https:\/\/api.w.org\/{rel}","templated":true}]}}